{"id":7644,"date":"2025-06-18T15:18:59","date_gmt":"2025-06-18T18:18:59","guid":{"rendered":"https:\/\/hospitalariars.com.br\/?post_type=product&#038;p=7644"},"modified":"2026-03-27T16:03:40","modified_gmt":"2026-03-27T19:03:40","slug":"cadeira-em-carbono-m6-ortobras","status":"publish","type":"product","link":"https:\/\/hospitalariars.com.br\/index.php\/produto\/cadeira-em-carbono-m6-ortobras\/","title":{"rendered":"Cadeira em Carbono M6 &#8211; Ortobras"},"content":{"rendered":"<div class=\"pd-description\">\n<div class=\"pd-content\">\n<div class=\"std \">\n<div class=\"block-description w-100 mt-2 mb-2 \">\n<p>A cadeira M6 Carbon da Ortobras se destaca por v\u00e1rios diferenciais que a tornam uma escolha premium no mercado. Em termos de\u00a0<b>LEVEZA<\/b>\u00a0seu quadro de carbono confere \u00e0 cadeira uma agilidade not\u00e1vel, tornando-a f\u00e1cil de movimentar e ajustar sem sacrificar a resist\u00eancia e durabilidade. O\u00a0<b>DESIGN<\/b>\u00a0\u00e9 outro ponto forte, apresentando um visual moderno e elegante, com linhas aerodin\u00e2micas e um acabamento sofisticado que real\u00e7a a est\u00e9tica avan\u00e7ada do produto.<\/p>\n<p>A\u00a0<b>MONTAGEM NACIONAL<\/b>\u00a0da cadeira M6 Carbon \u00e9 simplificada por um sistema de encaixe intuitivo e pe\u00e7as pr\u00e9-montadas, sendo que o P\u00d3S -VENDAS ORTOBRAS se destaca pelo suporte eficiente e confi\u00e1vel oferecido no Brasil. A empresa garante um atendimento de qualidade, com suporte t\u00e9cnico acess\u00edvel, garantia abrangente e facilidade na obten\u00e7\u00e3o de pe\u00e7as de reposi\u00e7\u00e3o, assegurando que os clientes recebam a assist\u00eancia necess\u00e1ria de forma r\u00e1pida e eficaz.<\/p>\n<p>Esses aspectos combinados fazem da cadeira M6 Carbon uma escolha altamente atraente para quem busca um produto de alto desempenho, com estilo e suporte confi\u00e1vel.<\/p>\n<\/div>\n<\/div>\n<\/div>\n<\/div>\n<div class=\"pd-additional\">\n<p><span class=\"h5\">Informa\u00e7\u00f5es adicionais<\/span><\/p>\n<div class=\"pd-content\">\n<ul>\n<li data-attr-code=\"marca\"><strong>Marca:\u00a0<\/strong>Ortobras<\/li>\n<li data-attr-code=\"ajuste_centro_gravidade\"><strong>Ajuste do Centro de Gravidade:\u00a0<\/strong>0 a 10 cm (milim\u00e9trico)<\/li>\n<li data-attr-code=\"almofada\"><strong>Almofada:\u00a0<\/strong>Balance<\/li>\n<li data-attr-code=\"altura_dianteira_assento_piso\"><strong>Altura Dianteira do Assento ao Piso:\u00a0<\/strong>48\/47 cm<\/li>\n<li data-attr-code=\"altura_traseira_assento_piso\"><strong>Altura Traseira do Assento ao Piso:\u00a0<\/strong>44\/45\/46\/47\/48 cm<\/li>\n<li data-attr-code=\"angulos_ajuste_encosto\"><strong>\u00c2ngulos de ajuste do encosto:\u00a0<\/strong>-10\u00b0 a 10\u00b0<\/li>\n<li data-attr-code=\"apoio_braco\"><strong>Apoio de Bra\u00e7o:\u00a0<\/strong>N\u00e3o aplic\u00e1vel (N\/A)<\/li>\n<li data-attr-code=\"apoio_pes\"><strong>Apoio de P\u00e9s:\u00a0<\/strong>Um \u201cU\u201d plataforma, pedal com \u00e2ngulo ajust\u00e1vel<\/li>\n<li data-attr-code=\"aro_impulso\"><strong>Aro de Impulso:\u00a0<\/strong>Alum\u00ednio Anodizado<\/li>\n<li data-attr-code=\"assento\"><strong>Assento:\u00a0<\/strong>Flex\u00edvel com faixas de tens\u00e3o e placa flex\u00edvel<\/li>\n<li data-attr-code=\"cambagem\"><strong>Cambagem:\u00a0<\/strong>0\u00b0<\/li>\n<li data-attr-code=\"capacidade\"><strong>Capacidade:\u00a0<\/strong>120kg<\/li>\n<li data-attr-code=\"classificacao_riscos\"><strong>Classifica\u00e7\u00e3o de Risco:\u00a0<\/strong>I-Baixo Risco<\/li>\n<li data-attr-code=\"eixo_dianteiro\"><strong>Eixo Dianteiro:\u00a0<\/strong>Fixo<\/li>\n<li data-attr-code=\"eixo_traseiro\"><strong>Eixo Traseiro:\u00a0<\/strong>Desmont\u00e1vel<\/li>\n<li data-attr-code=\"freios\"><strong>Freios:\u00a0<\/strong>Acionamento para tr\u00e1s<\/li>\n<li data-attr-code=\"largura_total\"><strong>Largura total (cm):\u00a0<\/strong>Largura + 20 cm (0\u00b0)<\/li>\n<li data-attr-code=\"material_quadro\"><strong>Material do quadro:\u00a0<\/strong>Fibra de carbono<\/li>\n<li data-attr-code=\"pneu_roda_traseira\"><strong>Pneu da Roda Traseira:\u00a0<\/strong>Infl\u00e1vel 24\u2033x 1\u2033<\/li>\n<li data-attr-code=\"protetor_roupa\"><strong>Protetor de Roupa:\u00a0<\/strong>Fibra de carbono remov\u00edvel<\/li>\n<li data-attr-code=\"registro_anvisa\"><strong>Registro ANVISA:\u00a0<\/strong>80118040002<\/li>\n<li data-attr-code=\"regulagem_apoio_pes\"><strong>Regulagem do Apoio de P\u00e9s:\u00a0<\/strong>de 42 cm a 48 cm<\/li>\n<li data-attr-code=\"rodas_ianteiras\"><strong>Rodas Dianteiras:\u00a0<\/strong>5\u2033 maci\u00e7a aro de alum\u00ednio<\/li>\n<li data-attr-code=\"roda_traseira\"><strong>Rodas Traseiras:\u00a0<\/strong>Sentinel 24\u2033 com 12 raios de tit\u00e2nio<\/li>\n<li data-attr-code=\"tipo_quadro\"><strong>Tipo do Quadro:\u00a0<\/strong>Monobloco<\/li>\n<li data-attr-code=\"tipo_encosto\"><strong>Tipo do Encosto:\u00a0<\/strong>Flex\u00edvel com faixas de tens\u00e3o<\/li>\n<li data-attr-code=\"dimensao_caixa\"><strong>Dimens\u00e3o da caixa (cm):\u00a0<\/strong>L 620 x C 800 x A 620 mm<\/li>\n<\/ul>\n<\/div>\n<\/div>\n","protected":false},"excerpt":{"rendered":"A cadeira M6 Carbon da Ortobras se destaca por v\u00e1rios diferenciais que a tornam uma escolha premium no&hellip;","protected":false},"featured_media":7643,"comment_status":"open","ping_status":"closed","template":"","meta":{"slim_seo":{"title":"Cadeira em Carbono M6 - Ortobras - Hospitalaria RS","description":"A cadeira M6 Carbon da Ortobras se destaca por v\u00e1rios diferenciais que a tornam uma escolha premium no mercado. Em termos de\u00a0 LEVEZA \u00a0seu quadro de carbono conf"}},"product_brand":[131],"product_cat":[118,34],"product_tag":[437,483,481,480,482],"class_list":{"0":"post-7644","1":"product","2":"type-product","3":"status-publish","4":"has-post-thumbnail","6":"product_brand-ortobras","7":"product_cat-cadeira-de-rodas","8":"product_cat-equipamentos","9":"product_tag-ajuste-centro-de-gravidade","10":"product_tag-cadeira-de-rodas-premium","11":"product_tag-cadeira-leve-carbono","12":"product_tag-cadeira-m6-carbon-ortobras","13":"product_tag-quadro-fibra-de-carbono","14":"mbf-entry","16":"first","17":"outofstock","18":"shipping-taxable","19":"product-type-simple"},"_links":{"self":[{"href":"https:\/\/hospitalariars.com.br\/index.php\/wp-json\/wp\/v2\/product\/7644","targetHints":{"allow":["GET"]}}],"collection":[{"href":"https:\/\/hospitalariars.com.br\/index.php\/wp-json\/wp\/v2\/product"}],"about":[{"href":"https:\/\/hospitalariars.com.br\/index.php\/wp-json\/wp\/v2\/types\/product"}],"replies":[{"embeddable":true,"href":"https:\/\/hospitalariars.com.br\/index.php\/wp-json\/wp\/v2\/comments?post=7644"}],"wp:featuredmedia":[{"embeddable":true,"href":"https:\/\/hospitalariars.com.br\/index.php\/wp-json\/wp\/v2\/media\/7643"}],"wp:attachment":[{"href":"https:\/\/hospitalariars.com.br\/index.php\/wp-json\/wp\/v2\/media?parent=7644"}],"wp:term":[{"taxonomy":"product_brand","embeddable":true,"href":"https:\/\/hospitalariars.com.br\/index.php\/wp-json\/wp\/v2\/product_brand?post=7644"},{"taxonomy":"product_cat","embeddable":true,"href":"https:\/\/hospitalariars.com.br\/index.php\/wp-json\/wp\/v2\/product_cat?post=7644"},{"taxonomy":"product_tag","embeddable":true,"href":"https:\/\/hospitalariars.com.br\/index.php\/wp-json\/wp\/v2\/product_tag?post=7644"}],"curies":[{"name":"wp","href":"https:\/\/api.w.org\/{rel}","templated":true}]}}